{"id":7494,"date":"2025-07-14T11:45:24","date_gmt":"2025-07-14T09:45:24","guid":{"rendered":"https:\/\/bieler-lang.de\/?page_id=7494"},"modified":"2025-07-14T11:47:15","modified_gmt":"2025-07-14T09:47:15","slug":"duran-electronica","status":"publish","type":"page","link":"https:\/\/bieler-lang.de\/en\/international\/duran-electronica\/","title":{"rendered":"Dur\u00e1n Electr\u00f3nica"},"content":{"rendered":"\n<div class=\"wp-block-cover is-style-abgeschnitten\" style=\"min-height:360px;aspect-ratio:unset;\"><span aria-hidden=\"true\" class=\"wp-block-cover__background has-background-dim-0 has-background-dim\" style=\"background-color:#d8d4d3\"><\/span><img loading=\"lazy\" decoding=\"async\" width=\"1920\" height=\"800\" class=\"wp-block-cover__image-background wp-image-7337\" alt=\"\" src=\"https:\/\/bieler-lang.de\/blcontent\/uploads\/2025\/06\/Bieler-Lang_Gasflamme_2_1920x800.jpg\" data-object-fit=\"cover\" srcset=\"https:\/\/bieler-lang.de\/blcontent\/uploads\/2025\/06\/Bieler-Lang_Gasflamme_2_1920x800.jpg 1920w, https:\/\/bieler-lang.de\/blcontent\/uploads\/2025\/06\/Bieler-Lang_Gasflamme_2_1920x800-300x125.jpg 300w, https:\/\/bieler-lang.de\/blcontent\/uploads\/2025\/06\/Bieler-Lang_Gasflamme_2_1920x800-1024x427.jpg 1024w, https:\/\/bieler-lang.de\/blcontent\/uploads\/2025\/06\/Bieler-Lang_Gasflamme_2_1920x800-768x320.jpg 768w, https:\/\/bieler-lang.de\/blcontent\/uploads\/2025\/06\/Bieler-Lang_Gasflamme_2_1920x800-1536x640.jpg 1536w, https:\/\/bieler-lang.de\/blcontent\/uploads\/2025\/06\/Bieler-Lang_Gasflamme_2_1920x800-24x10.jpg 24w, https:\/\/bieler-lang.de\/blcontent\/uploads\/2025\/06\/Bieler-Lang_Gasflamme_2_1920x800-36x15.jpg 36w, https:\/\/bieler-lang.de\/blcontent\/uploads\/2025\/06\/Bieler-Lang_Gasflamme_2_1920x800-48x20.jpg 48w, https:\/\/bieler-lang.de\/blcontent\/uploads\/2025\/06\/Bieler-Lang_Gasflamme_2_1920x800-600x250.jpg 600w\" sizes=\"auto, (max-width: 1920px) 100vw, 1920px\" \/><div class=\"wp-block-cover__inner-container is-layout-flow wp-block-cover-is-layout-flow\">\n<p class=\"has-text-align-center has-large-font-size\"><\/p>\n<\/div><\/div>\n\n\n\n<div class=\"wp-block-bl-block-spacer\"><div class=\"is-style-small\"><\/div><\/div>\n\n\n\n<h1 class=\"wp-block-heading\">DUR\u00c1N ELECTR\u00d3NICA &#8211; Spanish Gas Detection Technology<\/h1>\n\n\n\n<h2 class=\"wp-block-heading\">Service provider for gas detection systems in Spain.<\/h2>\n\n\n\n<div class=\"wp-block-bl-block-spacer\"><div class=\"is-style-medium\"><\/div><\/div>\n\n\n\n<p>We are delighted to announce that <strong>DUR\u00c1N ELECTR\u00d3NICA has joined the SAFE MONITORING GROUP<\/strong> \u2013 an industrial alliance of manufacturers specializing in gas detection systems.<\/p>\n\n\n\n<p>With over 30 years of experience and expertise in the development and production of gas detection systems, DUR\u00c1N ELECTR\u00d3NICA will continue to protect thousands of underground car parks worldwide, as well as factories, wineries, agricultural and food processing plants, wastewater treatment facilities, laboratories, utility tunnels, and especially traffic tunnels. The company has established itself as one of the world\u2019s leading providers of gas detection and environmental monitoring systems specifically for these applications. In addition, it will continue to supply fire detection systems, meteorological sensors, and EN54-compliant voice alarm systems.<\/p>\n\n\n\n<p>As part of the Safe Monitoring Group, DUR\u00c1N will collaborate with the other group companies in areas such as research &amp; development, marketing, procurement, sales, and service. This will benefit existing customers of DUR\u00c1N as well as those of the other group members by giving them access to an expanded portfolio of products and services that even better meet their needs in both current and emerging applications.<\/p>\n\n\n\n<p>More information is available here:<a href=\"\/anwendungen\/wasserstoff\/\"><\/a><\/p>\n\n\n\n<div class=\"wp-block-bl-block-spacer\"><div class=\"is-style-small\"><\/div><\/div>\n\n\n\n<div class=\"wp-block-columns is-layout-flex wp-container-core-columns-is-layout-9d6595d7 wp-block-columns-is-layout-flex\">\n<div class=\"wp-block-column is-layout-flow wp-block-column-is-layout-flow\">\n<figure class=\"wp-block-image size-full\"><a href=\"https:\/\/www.duranelectronica.com\/en\" target=\"_blank\" rel=\"https:\/\/www.duranelectronica.com\/en noopener\"><img loading=\"lazy\" decoding=\"async\" width=\"608\" height=\"244\" src=\"https:\/\/bieler-lang.de\/blcontent\/uploads\/2025\/07\/duran_electronica_logo.jpg\" alt=\"Duran Electronica\" class=\"wp-image-7496\" srcset=\"https:\/\/bieler-lang.de\/blcontent\/uploads\/2025\/07\/duran_electronica_logo.jpg 608w, https:\/\/bieler-lang.de\/blcontent\/uploads\/2025\/07\/duran_electronica_logo-300x120.jpg 300w, https:\/\/bieler-lang.de\/blcontent\/uploads\/2025\/07\/duran_electronica_logo-24x10.jpg 24w, https:\/\/bieler-lang.de\/blcontent\/uploads\/2025\/07\/duran_electronica_logo-36x14.jpg 36w, https:\/\/bieler-lang.de\/blcontent\/uploads\/2025\/07\/duran_electronica_logo-48x19.jpg 48w, https:\/\/bieler-lang.de\/blcontent\/uploads\/2025\/07\/duran_electronica_logo-600x241.jpg 600w\" sizes=\"auto, (max-width: 608px) 100vw, 608px\" \/><\/a><\/figure>\n<\/div>\n\n\n\n<div class=\"wp-block-column is-layout-flow wp-block-column-is-layout-flow\"><\/div>\n\n\n\n<div class=\"wp-block-column is-layout-flow wp-block-column-is-layout-flow\"><\/div>\n<\/div>\n\n\n\n<div class=\"wp-block-bl-block-spacer\"><div class=\"is-style-small\"><\/div><\/div>\n\n\n\n<p><a href=\"https:\/\/www.duranelectronica.com\/en\" data-type=\"link\" data-id=\"https:\/\/www.duranelectronica.com\/en\" target=\"_blank\" rel=\"noreferrer noopener\">DUR\u00c1N ELECTR\u00d3NICA<\/a> <\/p>\n\n\n\n<div class=\"wp-block-bl-block-spacer\"><div class=\"is-style-large\"><\/div><\/div>\n\n\n\n<p><\/p>\n","protected":false},"excerpt":{"rendered":"<p>DUR\u00c1N ELECTR\u00d3NICA &#8211; Spanish Gas Detection Technology Service provider for gas detection systems in Spain. We are delighted to announce that DUR\u00c1N ELECTR\u00d3NICA has joined the SAFE MONITORING GROUP \u2013 an industrial alliance of manufacturers specializing in gas detection systems. With over 30 years of experience and expertise in the development and production of gas [&hellip;]<\/p>\n","protected":false},"author":1,"featured_media":0,"parent":2796,"menu_order":708,"comment_status":"closed","ping_status":"closed","template":"","meta":{"inline_featured_image":false,"footnotes":""},"class_list":["post-7494","page","type-page","status-publish","hentry"],"yoast_head":"<!-- This site is optimized with the Yoast SEO Premium plugin v27.4 (Yoast SEO v27.4) - https:\/\/yoast.com\/product\/yoast-seo-premium-wordpress\/ -->\n<title>Dur\u00e1n Electr\u00f3nica - Bieler+Lang<\/title>\n<meta name=\"robots\" content=\"index, follow, max-snippet:-1, max-image-preview:large, max-video-preview:-1\" \/>\n<link rel=\"canonical\" href=\"https:\/\/bieler-lang.de\/en\/international\/duran-electronica\/\" \/>\n<meta property=\"og:locale\" content=\"en_US\" \/>\n<meta property=\"og:type\" content=\"article\" \/>\n<meta property=\"og:title\" content=\"Dur\u00e1n Electr\u00f3nica\" \/>\n<meta property=\"og:description\" content=\"DUR\u00c1N ELECTR\u00d3NICA &#8211; Spanish Gas Detection Technology Service provider for gas detection systems in Spain. We are delighted to announce that DUR\u00c1N ELECTR\u00d3NICA has joined the SAFE MONITORING GROUP \u2013 an industrial alliance of manufacturers specializing in gas detection systems. With over 30 years of experience and expertise in the development and production of gas [&hellip;]\" \/>\n<meta property=\"og:url\" content=\"https:\/\/bieler-lang.de\/en\/international\/duran-electronica\/\" \/>\n<meta property=\"og:site_name\" content=\"Bieler+Lang\" \/>\n<meta property=\"article:publisher\" content=\"https:\/\/www.facebook.com\/profile.php?id=61560570132188\" \/>\n<meta property=\"article:modified_time\" content=\"2025-07-14T09:47:15+00:00\" \/>\n<meta property=\"og:image\" content=\"https:\/\/bieler-lang.de\/blcontent\/uploads\/2025\/06\/Bieler-Lang_Gasflamme_2_1920x800.jpg\" \/>\n\t<meta property=\"og:image:width\" content=\"1920\" \/>\n\t<meta property=\"og:image:height\" content=\"800\" \/>\n\t<meta property=\"og:image:type\" content=\"image\/jpeg\" \/>\n<meta name=\"twitter:card\" content=\"summary_large_image\" \/>\n<meta name=\"twitter:label1\" content=\"Est. reading time\" \/>\n\t<meta name=\"twitter:data1\" content=\"1 minute\" \/>\n<script type=\"application\/ld+json\" class=\"yoast-schema-graph\">{\"@context\":\"https:\\\/\\\/schema.org\",\"@graph\":[{\"@type\":\"WebPage\",\"@id\":\"https:\\\/\\\/bieler-lang.de\\\/en\\\/international\\\/duran-electronica\\\/\",\"url\":\"https:\\\/\\\/bieler-lang.de\\\/en\\\/international\\\/duran-electronica\\\/\",\"name\":\"Dur\u00e1n Electr\u00f3nica - Bieler+Lang\",\"isPartOf\":{\"@id\":\"https:\\\/\\\/bieler-lang.de\\\/#website\"},\"primaryImageOfPage\":{\"@id\":\"https:\\\/\\\/bieler-lang.de\\\/en\\\/international\\\/duran-electronica\\\/#primaryimage\"},\"image\":{\"@id\":\"https:\\\/\\\/bieler-lang.de\\\/en\\\/international\\\/duran-electronica\\\/#primaryimage\"},\"thumbnailUrl\":\"https:\\\/\\\/bieler-lang.de\\\/blcontent\\\/uploads\\\/2025\\\/06\\\/Bieler-Lang_Gasflamme_2_1920x800.jpg\",\"datePublished\":\"2025-07-14T09:45:24+00:00\",\"dateModified\":\"2025-07-14T09:47:15+00:00\",\"breadcrumb\":{\"@id\":\"https:\\\/\\\/bieler-lang.de\\\/en\\\/international\\\/duran-electronica\\\/#breadcrumb\"},\"inLanguage\":\"en-US\",\"potentialAction\":[{\"@type\":\"ReadAction\",\"target\":[\"https:\\\/\\\/bieler-lang.de\\\/en\\\/international\\\/duran-electronica\\\/\"]}]},{\"@type\":\"ImageObject\",\"inLanguage\":\"en-US\",\"@id\":\"https:\\\/\\\/bieler-lang.de\\\/en\\\/international\\\/duran-electronica\\\/#primaryimage\",\"url\":\"https:\\\/\\\/bieler-lang.de\\\/blcontent\\\/uploads\\\/2025\\\/06\\\/Bieler-Lang_Gasflamme_2_1920x800.jpg\",\"contentUrl\":\"https:\\\/\\\/bieler-lang.de\\\/blcontent\\\/uploads\\\/2025\\\/06\\\/Bieler-Lang_Gasflamme_2_1920x800.jpg\"},{\"@type\":\"BreadcrumbList\",\"@id\":\"https:\\\/\\\/bieler-lang.de\\\/en\\\/international\\\/duran-electronica\\\/#breadcrumb\",\"itemListElement\":[{\"@type\":\"ListItem\",\"position\":1,\"name\":\"Home\",\"item\":\"https:\\\/\\\/bieler-lang.de\\\/en\\\/\"},{\"@type\":\"ListItem\",\"position\":2,\"name\":\"International Partners\",\"item\":\"https:\\\/\\\/bieler-lang.de\\\/en\\\/international\\\/\"},{\"@type\":\"ListItem\",\"position\":3,\"name\":\"Dur\u00e1n Electr\u00f3nica\"}]},{\"@type\":\"WebSite\",\"@id\":\"https:\\\/\\\/bieler-lang.de\\\/#website\",\"url\":\"https:\\\/\\\/bieler-lang.de\\\/\",\"name\":\"Bieler+Lang\",\"description\":\"Eine weitere WordPress-Website\",\"potentialAction\":[{\"@type\":\"SearchAction\",\"target\":{\"@type\":\"EntryPoint\",\"urlTemplate\":\"https:\\\/\\\/bieler-lang.de\\\/?s={search_term_string}\"},\"query-input\":{\"@type\":\"PropertyValueSpecification\",\"valueRequired\":true,\"valueName\":\"search_term_string\"}}],\"inLanguage\":\"en-US\"}]}<\/script>\n<!-- \/ Yoast SEO Premium plugin. -->","yoast_head_json":{"title":"Dur\u00e1n Electr\u00f3nica - Bieler+Lang","robots":{"index":"index","follow":"follow","max-snippet":"max-snippet:-1","max-image-preview":"max-image-preview:large","max-video-preview":"max-video-preview:-1"},"canonical":"https:\/\/bieler-lang.de\/en\/international\/duran-electronica\/","og_locale":"en_US","og_type":"article","og_title":"Dur\u00e1n Electr\u00f3nica","og_description":"DUR\u00c1N ELECTR\u00d3NICA &#8211; Spanish Gas Detection Technology Service provider for gas detection systems in Spain. We are delighted to announce that DUR\u00c1N ELECTR\u00d3NICA has joined the SAFE MONITORING GROUP \u2013 an industrial alliance of manufacturers specializing in gas detection systems. With over 30 years of experience and expertise in the development and production of gas [&hellip;]","og_url":"https:\/\/bieler-lang.de\/en\/international\/duran-electronica\/","og_site_name":"Bieler+Lang","article_publisher":"https:\/\/www.facebook.com\/profile.php?id=61560570132188","article_modified_time":"2025-07-14T09:47:15+00:00","og_image":[{"width":1920,"height":800,"url":"https:\/\/bieler-lang.de\/blcontent\/uploads\/2025\/06\/Bieler-Lang_Gasflamme_2_1920x800.jpg","type":"image\/jpeg"}],"twitter_card":"summary_large_image","twitter_misc":{"Est. reading time":"1 minute"},"schema":{"@context":"https:\/\/schema.org","@graph":[{"@type":"WebPage","@id":"https:\/\/bieler-lang.de\/en\/international\/duran-electronica\/","url":"https:\/\/bieler-lang.de\/en\/international\/duran-electronica\/","name":"Dur\u00e1n Electr\u00f3nica - Bieler+Lang","isPartOf":{"@id":"https:\/\/bieler-lang.de\/#website"},"primaryImageOfPage":{"@id":"https:\/\/bieler-lang.de\/en\/international\/duran-electronica\/#primaryimage"},"image":{"@id":"https:\/\/bieler-lang.de\/en\/international\/duran-electronica\/#primaryimage"},"thumbnailUrl":"https:\/\/bieler-lang.de\/blcontent\/uploads\/2025\/06\/Bieler-Lang_Gasflamme_2_1920x800.jpg","datePublished":"2025-07-14T09:45:24+00:00","dateModified":"2025-07-14T09:47:15+00:00","breadcrumb":{"@id":"https:\/\/bieler-lang.de\/en\/international\/duran-electronica\/#breadcrumb"},"inLanguage":"en-US","potentialAction":[{"@type":"ReadAction","target":["https:\/\/bieler-lang.de\/en\/international\/duran-electronica\/"]}]},{"@type":"ImageObject","inLanguage":"en-US","@id":"https:\/\/bieler-lang.de\/en\/international\/duran-electronica\/#primaryimage","url":"https:\/\/bieler-lang.de\/blcontent\/uploads\/2025\/06\/Bieler-Lang_Gasflamme_2_1920x800.jpg","contentUrl":"https:\/\/bieler-lang.de\/blcontent\/uploads\/2025\/06\/Bieler-Lang_Gasflamme_2_1920x800.jpg"},{"@type":"BreadcrumbList","@id":"https:\/\/bieler-lang.de\/en\/international\/duran-electronica\/#breadcrumb","itemListElement":[{"@type":"ListItem","position":1,"name":"Home","item":"https:\/\/bieler-lang.de\/en\/"},{"@type":"ListItem","position":2,"name":"International Partners","item":"https:\/\/bieler-lang.de\/en\/international\/"},{"@type":"ListItem","position":3,"name":"Dur\u00e1n Electr\u00f3nica"}]},{"@type":"WebSite","@id":"https:\/\/bieler-lang.de\/#website","url":"https:\/\/bieler-lang.de\/","name":"Bieler+Lang","description":"Eine weitere WordPress-Website","potentialAction":[{"@type":"SearchAction","target":{"@type":"EntryPoint","urlTemplate":"https:\/\/bieler-lang.de\/?s={search_term_string}"},"query-input":{"@type":"PropertyValueSpecification","valueRequired":true,"valueName":"search_term_string"}}],"inLanguage":"en-US"}]}},"_links":{"self":[{"href":"https:\/\/bieler-lang.de\/en\/wp-json\/wp\/v2\/pages\/7494","targetHints":{"allow":["GET"]}}],"collection":[{"href":"https:\/\/bieler-lang.de\/en\/wp-json\/wp\/v2\/pages"}],"about":[{"href":"https:\/\/bieler-lang.de\/en\/wp-json\/wp\/v2\/types\/page"}],"author":[{"embeddable":true,"href":"https:\/\/bieler-lang.de\/en\/wp-json\/wp\/v2\/users\/1"}],"replies":[{"embeddable":true,"href":"https:\/\/bieler-lang.de\/en\/wp-json\/wp\/v2\/comments?post=7494"}],"version-history":[{"count":2,"href":"https:\/\/bieler-lang.de\/en\/wp-json\/wp\/v2\/pages\/7494\/revisions"}],"predecessor-version":[{"id":7532,"href":"https:\/\/bieler-lang.de\/en\/wp-json\/wp\/v2\/pages\/7494\/revisions\/7532"}],"up":[{"embeddable":true,"href":"https:\/\/bieler-lang.de\/en\/wp-json\/wp\/v2\/pages\/2796"}],"wp:attachment":[{"href":"https:\/\/bieler-lang.de\/en\/wp-json\/wp\/v2\/media?parent=7494"}],"curies":[{"name":"wp","href":"https:\/\/api.w.org\/{rel}","templated":true}]}}